{"id":42,"date":"2014-10-24T11:20:32","date_gmt":"2014-10-24T11:20:32","guid":{"rendered":"http:\/\/baum-patenschaft.de\/?page_id=42"},"modified":"2024-06-15T19:40:23","modified_gmt":"2024-06-15T17:40:23","slug":"startseite","status":"publish","type":"page","link":"https:\/\/baeume.de\/de\/startseite","title":{"rendered":"Startseite"},"content":{"rendered":"<p>[vc_row][vc_column][vc_column_text]<\/p>\n<h1 style=\"text-align: center;\">B\u00e4ume f\u00fcr Menschen \u2013 Trees for the World<sup>\u00ae<\/sup> hat bereits mehr als <span class=\"fusion-tooltip tooltip-shortcode\" data-original-title=\"\" data-animation=\"\" data-delay=\"0\" data-placement=\"top\" data-title=\"Helfen Sie mit!\" data-trigger=\"hover\" data-toggle=\"tooltip\"><strong>630.000 B\u00e4ume gepflanzt<\/strong><\/span><\/h1>\n<h3 style=\"text-align: center;\">Die erste deutsche Umweltorganisation der eine eigene Baumschule und einen Kindergarten in Namibia betrieben hat.<\/h3>\n<p>[\/vc_column_text][\/vc_column][\/vc_row][vc_row][vc_column width=&#8220;1\/2&#8243;][vc_column_text css_animation=&#8220;fadeIn&#8220;]<iframe loading=\"lazy\" src=\"https:\/\/www.youtube-nocookie.com\/embed\/qNPOcdvQmXA\" width=\"560\" height=\"315\" frameborder=\"0\" allowfullscreen=\"allowfullscreen\"><\/iframe>[\/vc_column_text][\/vc_column][vc_column width=&#8220;1\/2&#8243;][vc_column_text]<iframe loading=\"lazy\" src=\"https:\/\/www.youtube-nocookie.com\/embed\/63ZRWIp9cT8\" width=\"560\" height=\"315\" frameborder=\"0\" allowfullscreen=\"allowfullscreen\"><\/iframe>[\/vc_column_text][\/vc_column][\/vc_row][vc_row][vc_column][vc_cta h2=&#8220;&#8222;B\u00e4ume f\u00fcr Menschen &#8211; Trees for the World&#8222; bei ARTE TV&#8220; h4=&#8220;15.10.2018&#8243; shape=&#8220;square&#8220; add_button=&#8220;right&#8220; btn_title=&#8220;Zur ARTE-Mediathek&#8220; btn_style=&#8220;outline-custom&#8220; btn_outline_custom_color=&#8220;#2e7d2c&#8220; btn_outline_custom_hover_background=&#8220;rgba(213,203,159,0.5)&#8220; btn_outline_custom_hover_text=&#8220;#2e7d2c&#8220; btn_shape=&#8220;square&#8220; btn_size=&#8220;lg&#8220; btn_align=&#8220;center&#8220; btn_i_icon_fontawesome=&#8220;fa fa-television&#8220; btn_css_animation=&#8220;appear&#8220; add_icon=&#8220;left&#8220; i_icon_fontawesome=&#8220;fa fa-television&#8220; i_color=&#8220;custom&#8220; i_size=&#8220;lg&#8220; css_animation=&#8220;appear&#8220; btn_add_icon=&#8220;true&#8220; i_on_border=&#8220;true&#8220; btn_link=&#8220;url:https%3A%2F%2Fdonate.plant-for-the-planet.org%2F%3Fto%3Dyucatan%26step%3Ddonate||target:%20_blank|&#8220; css=&#8220;.vc_custom_1718472537109{margin-top: 0px !important;margin-bottom: 0px !important;padding-top: 0px !important;padding-bottom: 0px !important;background-color: rgba(255,255,255,0.01) !important;background-position: 0 0 !important;background-repeat: repeat !important;*background-color: rgb(255,255,255) !important;}&#8220; i_custom_color=&#8220;#2e7d2c&#8220; i_link=&#8220;url:https%3A%2F%2Fwww.arte.tv%2Fde%2Fvideos%2F071358-002-A%2Feine-tagesreise-von-spitzbergen-bis-namibia%2F||target:%20_blank|&#8220;]<strong>Eine Tagesreise von Spitzbergen bis Namibia &#8211; Sanfte Wildnis, raue Natur<\/strong>[\/vc_cta][\/vc_column][\/vc_row][vc_row full_width=&#8220;stretch_row&#8220; css=&#8220;.vc_custom_1450700684298{background-image: url(\/wp-content\/uploads\/2014\/12\/paper.png?id=2841) !important;background-position: 0 0 !important;background-repeat: repeat !important;}&#8220;][vc_column][vc_cta h2=&#8220;&#8220; shape=&#8220;square&#8220; style=&#8220;outline&#8220; add_button=&#8220;bottom&#8220; btn_title=&#8220;SPENDEN SIE JETZT!&#8220; btn_style=&#8220;outline-custom&#8220; btn_outline_custom_color=&#8220;#2e7d2c&#8220; btn_outline_custom_hover_background=&#8220;rgba(213,203,159,0.5)&#8220; btn_outline_custom_hover_text=&#8220;#2e7d2c&#8220; btn_shape=&#8220;square&#8220; btn_size=&#8220;lg&#8220; btn_align=&#8220;center&#8220; btn_i_align=&#8220;right&#8220; btn_i_icon_fontawesome=&#8220;fa fa-chevron-right&#8220; btn_css_animation=&#8220;appear&#8220; btn_add_icon=&#8220;true&#8220; btn_link=&#8220;url:https%3A%2F%2Fdonate.plant-for-the-planet.org%2F%3Fto%3Dyucatan%26step%3Ddonate||target:%20_blank|&#8220; css=&#8220;.vc_custom_1718472558252{background-position: 0 0 !important;background-repeat: repeat !important;}&#8220;]<\/p>\n<h1 style=\"text-align: center;\"><img loading=\"lazy\" decoding=\"async\" class=\"alignright wp-image-2995 size-medium\" src=\"\/wp-content\/uploads\/2014\/10\/logo_baeume_fuer_menschen_r-222x300.png\" alt=\"logo_baeume_fuer_menschen_r\" width=\"222\" height=\"300\" srcset=\"https:\/\/baeume.de\/wp-content\/uploads\/2014\/10\/logo_baeume_fuer_menschen_r-222x300.png 222w, https:\/\/baeume.de\/wp-content\/uploads\/2014\/10\/logo_baeume_fuer_menschen_r-100x135.png 100w, https:\/\/baeume.de\/wp-content\/uploads\/2014\/10\/logo_baeume_fuer_menschen_r.png 342w\" sizes=\"auto, (max-width: 222px) 100vw, 222px\" \/>B\u00e4ume pflanzen und Zukunft sichern<\/h1>\n<p style=\"text-align: center;\">Wir haben uns zum Ziel gesetzt, durch Forschung nach erneuerbaren Energien, Bildung und soziales Engagement, der Gef\u00e4hrdung der Ressource Wald als Grundlage menschlichen Lebens auf der Erde entgegenzuwirken. Seit fast 20 Jahren k\u00e4mpfen wir f\u00fcr den Erhalt der regengr\u00fcnen Trockenw\u00e4ldern in Afrika und damit gleichzeitig auch f\u00fcr Klimaschutz und die Sicherung wichtiger Lebensgrundlagen der Bev\u00f6lkerung.<\/p>\n<p style=\"text-align: center;\">Wir pflanzen nicht nur einen Baum \u2013 wir machen Klimawald f\u00fcr die Zukunft aller Menschen und unserer Kinder. Sie wollen mitwirken? Pflanzen Sie mit uns einen Baum in Afrika \u00fcber die Baumpatenschaft.<\/p>\n<p>[\/vc_cta][\/vc_column][\/vc_row][vc_row][vc_column][vc_column_text css=&#8220;.vc_custom_1464101804912{padding-top: 10px !important;padding-bottom: 30px !important;}&#8220;]<\/p>\n<h1 style=\"text-align: center;\">Die Umweltorganisation B\u00e4ume f\u00fcr Menschen \u2013 Trees for the World<sup>\u00ae<\/sup> hilft Mensch &amp; Natur mit gemeinn\u00fctzigen Projekten.<\/h1>\n<p style=\"text-align: center;\">Wir sind seit 1996 als anerkannte Nichtregierungsorganisation (NGO) in der Entwicklungshilfe auf dem afrikanischen Kontinent t\u00e4tig, global ausgerichtet und transparent nach den Richtlinien des DZI.<\/p>\n<p style=\"text-align: center;\">Haben Sie Fragen und m\u00f6chten Sie sich weiter informieren? Wir sind f\u00fcr Sie da.<\/p>\n<p style=\"text-align: center;\">[\/vc_column_text][\/vc_column][\/vc_row][vc_row full_width=&#8220;stretch_row&#8220; css=&#8220;.vc_custom_1520865809667{background: #221300 url(http:\/\/baeume.de\/wp-content\/uploads\/2018\/03\/wood009_1000.png?id=3797) !important;background-position: 0 0 !important;background-repeat: repeat !important;}&#8220;][vc_column][vc_column_text]<\/p>\n<h1 style=\"text-align: center;\"><span style=\"color: #ffffff;\">Hier nur einige universelle Vorteile unserer Leistungen und T\u00e4tigkeiten und es gibt viele mehr<\/span><\/h1>\n<p>[\/vc_column_text][vc_separator color=&#8220;custom&#8220; style=&#8220;double&#8220; accent_color=&#8220;#555555&#8243;][\/vc_column][vc_column width=&#8220;1\/3&#8243;][vc_column_text css=&#8220;.vc_custom_1492947288309{padding-bottom: 20px !important;}&#8220;]<\/p>\n<ul class=\"fa-ul\">\n<li><i class=\"fa-li fa fa-check-circle\"> <\/i> <span style=\"color: #999999;\">Schutz der B\u00e4ume als Quell des Lebens f\u00fcr uns alle<\/span><\/li>\n<li><i class=\"fa-li fa fa-check-circle\"> <\/i> <span style=\"color: #999999;\">Klimaschutz verbessern<br \/>\n<\/span><\/li>\n<li><i class=\"fa-li fa fa-check-circle\"> <\/i> <span style=\"color: #999999;\">Schutz vieler Tier- und Pflanzenarten<\/span><\/li>\n<li><i class=\"fa-li fa fa-check-circle\"> <\/i> <span style=\"color: #999999;\">Forschung nach erneuerbaren Energien<\/span><\/li>\n<li><i class=\"fa-li fa fa-check-circle\"> <\/i> <span style=\"color: #999999;\">Globale Ausrichtung<\/span><\/li>\n<li><i class=\"fa-li fa fa-check-circle\"> <\/i> <span style=\"color: #999999;\">Transparenz nach den Richtlinien des DZI<\/span><\/li>\n<li><i class=\"fa-li fa fa-check-circle\"> <\/i> <span style=\"color: #999999;\">Entwicklungshilfe auf dem afrikanischen Kontinent<\/span><\/li>\n<li><i class=\"fa-li fa fa-check-circle\"> <\/i> <span style=\"color: #999999;\">Modellcharakter der Projekte f\u00fcr den gesamten afrikanischen Kontinent<\/span><\/li>\n<li><i class=\"fa-li fa fa-check-circle\"> <\/i> <span style=\"color: #999999;\">Schaffung von besseren Bildungschancen<\/span><\/li>\n<\/ul>\n<p>[\/vc_column_text][\/vc_column][vc_column width=&#8220;1\/3&#8243;][vc_column_text]<\/p>\n<ul class=\"fa-ul\">\n<li><i class=\"fa-li fa fa-check-circle\"> <\/i> <span style=\"color: #999999;\">Schaffung von Ausbildungspl\u00e4tzen<\/span><\/li>\n<li><i class=\"fa-li fa fa-check-circle\"> <\/i> <span style=\"color: #999999;\">Schaffung\u00a0nachhaltiger Arbeitspl\u00e4tze<\/span><\/li>\n<li><i class=\"fa-li fa fa-check-circle\"> <\/i> <span style=\"color: #999999;\">Langfristig soziales Engagement<\/span><\/li>\n<li><i class=\"fa-li fa fa-check-circle\"> <\/i> <span style=\"color: #999999;\">Kinderbetreuung und Jugendf\u00f6rderung<\/span><\/li>\n<li><i class=\"fa-li fa fa-check-circle\"> <\/i> <span style=\"color: #999999;\">Globale CO<sub>2<\/sub>-Ziele unterst\u00fctzen<\/span><\/li>\n<li><i class=\"fa-li fa fa-check-circle\"> <\/i> <span style=\"color: #999999;\">Langj\u00e4hrige Erfahrung mit Pflanzenanzuchtverfahren<\/span><\/li>\n<li><i class=\"fa-li fa fa-check-circle\"> <\/i> <span style=\"color: #999999;\">Aufforstung von devastierten Gebieten, Plantagen und semiariden Fl\u00e4chen<\/span><\/li>\n<li><i class=\"fa-li fa fa-check-circle\"> <\/i> <span style=\"color: #999999;\">\u00d6ffentlich wirksame Umweltschutzarbeit<\/span><\/li>\n<li><i class=\"fa-li fa fa-check-circle\"> <\/i> <span style=\"color: #999999;\">Gr\u00fcndung von leistungsf\u00e4higen Baumschulen<\/span><\/li>\n<\/ul>\n<p>[\/vc_column_text][\/vc_column][vc_column width=&#8220;1\/3&#8243;][vc_column_text]<\/p>\n<ul class=\"fa-ul\">\n<li><i class=\"fa-li fa fa-check-circle\"> <\/i> <span style=\"color: #999999;\">Errichtung obligater Netzwerke<\/span><\/li>\n<li><i class=\"fa-li fa fa-check-circle\"> <\/i> <span style=\"color: #999999;\">Entwicklung und Installation modernster Verfahren der Forstwirtschaft<\/span><\/li>\n<li><i class=\"fa-li fa fa-check-circle\"> <\/i> <span style=\"color: #999999;\">Realisierung forstwirtschaftlicher und agroforstwirtschaftlicher Projekte<\/span><\/li>\n<li><i class=\"fa-li fa fa-check-circle\"><\/i> <span style=\"color: #999999;\">Effiziente Samenlogistik<\/span><\/li>\n<li><i class=\"fa-li fa fa-check-circle\"> <\/i> <span style=\"color: #999999;\">Modernstes Aufforstungsmonitoring<\/span><\/li>\n<li><i class=\"fa-li fa fa-check-circle\"> <\/i> <span style=\"color: #999999;\">Projektentwicklung mit patentiertem LogoWald<sup>\u00ae<\/sup><\/span><\/li>\n<li><i class=\"fa-li fa fa-check-circle\"> <\/i> <span style=\"color: #999999;\">Begleitung bei der Landbeschaffung<\/span><\/li>\n<li><i class=\"fa-li fa fa-check-circle\"> <\/i> <span style=\"color: #999999;\">Politische Kontakte auf h\u00f6chster Ebene<\/span><\/li>\n<li><i class=\"fa-li fa fa-check-circle\"> <\/i> <span style=\"color: #999999;\">Umsetzung von Staatsauftr\u00e4gen<\/span><\/li>\n<\/ul>\n<p>[\/vc_column_text][\/vc_column][\/vc_row][vc_row full_width=&#8220;stretch_row&#8220; content_placement=&#8220;middle&#8220; css=&#8220;.vc_custom_1450605568101{background: #2e7d2c url(\/wp-content\/uploads\/2014\/12\/burlap.png?id=2662) !important;background-position: 0 0 !important;background-repeat: repeat !important;}&#8220;][vc_column width=&#8220;1\/3&#8243;][vc_separator color=&#8220;white&#8220; style=&#8220;double&#8220; css=&#8220;.vc_custom_1464102158606{padding-bottom: 15px !important;}&#8220;][\/vc_column][vc_column width=&#8220;1\/3&#8243;][vc_btn title=&#8220;SPENDEN SND AKTUELL DEAKTIVIERT!&#8220; style=&#8220;outline-custom&#8220; outline_custom_color=&#8220;#ffffff&#8220; outline_custom_hover_background=&#8220;rgba(213,203,159,0.5)&#8220; outline_custom_hover_text=&#8220;#ffffff&#8220; shape=&#8220;square&#8220; size=&#8220;lg&#8220; align=&#8220;center&#8220; i_align=&#8220;right&#8220; i_icon_fontawesome=&#8220;fa fa-chevron-right&#8220; css_animation=&#8220;appear&#8220; add_icon=&#8220;true&#8220; link=&#8220;url:https%3A%2F%2Fdonate.plant-for-the-planet.org%2F%3Fto%3Dyucatan%26step%3Ddonate|title:Spenden%20Sie%20jetzt!|target:%20_blank|&#8220; css=&#8220;.vc_custom_1718472576840{padding-bottom: 15px !important;}&#8220;][\/vc_column][vc_column width=&#8220;1\/3&#8243;][vc_separator color=&#8220;white&#8220; style=&#8220;double&#8220; css=&#8220;.vc_custom_1464102178055{padding-bottom: 15px !important;}&#8220;][\/vc_column][\/vc_row][vc_row parallax=&#8220;content-moving&#8220;][vc_column width=&#8220;1\/2&#8243;][vc_cta h2=&#8220;&#8220; shape=&#8220;square&#8220; style=&#8220;custom&#8220; add_button=&#8220;bottom&#8220; btn_title=&#8220;SCHENKEN SIE EINE BAUMPATENSCHAFT!&#8220; btn_style=&#8220;outline-custom&#8220; btn_outline_custom_color=&#8220;#2e7d2c&#8220; btn_outline_custom_hover_background=&#8220;rgba(213,203,159,0.5)&#8220; btn_outline_custom_hover_text=&#8220;#2e7d2c&#8220; btn_shape=&#8220;square&#8220; btn_size=&#8220;lg&#8220; btn_align=&#8220;center&#8220; btn_i_align=&#8220;right&#8220; btn_i_icon_fontawesome=&#8220;fa fa-chevron-right&#8220; btn_css_animation=&#8220;appear&#8220; btn_add_icon=&#8220;true&#8220; btn_link=&#8220;url:https%3A%2F%2Fdonate.plant-for-the-planet.org%2F%3Fto%3Dyucatan%26step%3Ddonate|title:Schenken%20Sie%20eine%20Baumpatenschaft!|target:%20_blank|&#8220; custom_text=&#8220;#545454&#8243; custom_background=&#8220;rgba(255,255,255,0.01)&#8220;]<\/p>\n<h1 style=\"text-align: center;\">Schenken Sie ein echtes St\u00fcck Natur!<\/h1>\n<p style=\"text-align: center;\">Mit einer Baumpatenschaft k\u00f6nnen Sie den Umwelt-, und Naturschutz auf direkte Weise durch das Anpflanzen neuer W\u00e4lder unterst\u00fctzen! Diese Patenschaft haucht zerst\u00f6rten W\u00e4ldern neues Leben ein.<br \/>\nSie f\u00f6rdern somit nicht nur den Naturschutz und die Erhaltung der Artenvielfalt, sondern helfen auch dabei, CO<sub>2<\/sub> aus der Atmosph\u00e4re zu filtern und unser Klima langfristig zu sch\u00fctzen.<br \/>\nUnsere Baumpatenschaft ist ein ausgefallenes Geschenk, an das man sich ein ganzes Leben lang erinnern kann. Ob Weihnachten, Geburtstag, Taufe oder Geburt oder einfach nur so: jeder Anlass ist willkommen, um ein echtes St\u00fcck Natur zu schenken und zu erhalten.<\/p>\n<p>[\/vc_cta][\/vc_column][vc_column width=&#8220;1\/2&#8243;][vc_single_image image=&#8220;2546&#8243; img_size=&#8220;large&#8220; alignment=&#8220;right&#8220; css_animation=&#8220;appear&#8220; css=&#8220;.vc_custom_1464104796625{padding-top: 20px !important;}&#8220;][\/vc_column][\/vc_row][vc_row full_width=&#8220;stretch_row&#8220; css=&#8220;.vc_custom_1520865891595{background: #221300 url(http:\/\/baeume.de\/wp-content\/uploads\/2018\/03\/wood009_1000.png?id=3797) !important;background-position: 0 0 !important;background-repeat: repeat !important;}&#8220;][vc_column][vc_column_text css=&#8220;.vc_custom_1464102234172{padding-bottom: 20px !important;}&#8220;]<\/p>\n<h1 style=\"text-align: center;\"><span style=\"color: #ffffff;\">W\u00e4lder sind das gr\u00fcne Herz unserer Erde, das um jeden Preis erhalten werden muss.<\/span><\/h1>\n<h3 style=\"text-align: center;\"><span style=\"color: #eff2ef;\">Mit unseren globalen Projekten sch\u00fctzen wir die B\u00e4ume als Quell des Lebens f\u00fcr uns alle, das Klima sowie viele Tier- und Pflanzenarten. Wir schaffen Arbeitspl\u00e4tze, Ausbildungspl\u00e4tze und Bildungschancen. Helfen Sie mit!<\/span><\/h3>\n<p>[\/vc_column_text][\/vc_column][\/vc_row][vc_row][vc_column][vc_masonry_grid post_type=&#8220;custom&#8220; gap=&#8220;10&#8243; item=&#8220;1960&#8243; grid_id=&#8220;vc_gid:1718473202797-2d565f7ce60fbf7256110bb7ae3628a6-2&#8243; custom_query=&#8220;post_type=ozy_portfolio&amp;taxonomy=portfolio_category&amp;tag_ID=35&amp;post_status=publish&#8220;][\/vc_column][\/vc_row][vc_row][vc_column][vc_separator style=&#8220;double&#8220;][vc_column_text]<\/p>\n<h1 style=\"text-align: center;\">Wieso ist das Arboretum in Namibia so wichtig?<\/h1>\n<p style=\"text-align: center;\">Das Arboretum in Namibia ist eine Sammlung bedrohter einheimischen Geh\u00f6lze. Viele der seltenen B\u00e4ume, Str\u00e4ucher, und Pflanzen sind inzwischen weitgehend gef\u00e4hrdet und sollen mit Hilfe unserer Partnerschaft auch den kommenden Generationen erhalten bleiben. Wer unser Arboretum besucht, kann die Vielfalt eines einstmals dichten regengr\u00fcnen Trockenwaldes auf einem Waldlehrpfad studieren. Vor allem in Zeiten des Klimawandels sind unsere W\u00e4lder eine wichtige Grundlage f\u00fcr Artenvielfalt und eine gesunde Umwelt. Sie sorgen f\u00fcr sauberes Grundwasser und guten Boden, bieten eine Heimat f\u00fcr viele Tiere und Pflanzen, sie sind ein \u00fcberlebenswichtiger CO<sub>2<\/sub>-Speicher und die Lebensgrundlage f\u00fcr die lokale Landbev\u00f6lkerung.<\/p>\n<p>[\/vc_column_text][vc_row_inner][vc_column_inner width=&#8220;2\/3&#8243;][\/vc_column_inner][\/vc_row_inner][\/vc_column][\/vc_row][vc_row full_width=&#8220;stretch_row&#8220; css=&#8220;.vc_custom_1520865953578{background: #221300 url(http:\/\/baeume.de\/wp-content\/uploads\/2018\/03\/wood009_1000.png?id=3797) !important;background-position: 0 0 !important;background-repeat: repeat !important;}&#8220;][vc_column][vc_column_text css=&#8220;.vc_custom_1464102283693{padding-bottom: 20px !important;}&#8220;]<\/p>\n<h1 style=\"text-align: center;\"><span style=\"color: #ffffff;\">So k\u00f6nnen Sie helfen<\/span><\/h1>\n<h3 style=\"text-align: center;\"><span style=\"color: #eff2ef;\">Wir konnten Sie \u00fcberzeugen und Sie m\u00f6chten uns unterst\u00fctzen? Wunderbar, denn jede Hilfe ist willkommen! Folgendes k\u00f6nnen Sie tun:<\/span><\/h3>\n<p>[\/vc_column_text][\/vc_column][\/vc_row][vc_row equal_height=&#8220;yes&#8220;][vc_column width=&#8220;1\/3&#8243; css=&#8220;.vc_custom_1450700208759{background-position: 0 0 !important;background-repeat: repeat !important;}&#8220;][vc_cta h2=&#8220;Bitte spenden Sie&#8220; txt_align=&#8220;center&#8220; shape=&#8220;square&#8220; style=&#8220;outline&#8220; add_button=&#8220;bottom&#8220; btn_title=&#8220;AKTUELL DEAKTIVIERT!&#8220; btn_style=&#8220;outline-custom&#8220; btn_outline_custom_color=&#8220;#2e7d2c&#8220; btn_outline_custom_hover_background=&#8220;rgba(213,203,159,0.5)&#8220; btn_outline_custom_hover_text=&#8220;#2e7d2c&#8220; btn_shape=&#8220;square&#8220; btn_size=&#8220;lg&#8220; btn_align=&#8220;center&#8220; btn_i_align=&#8220;right&#8220; btn_i_icon_fontawesome=&#8220;fa fa-chevron-right&#8220; btn_css_animation=&#8220;appear&#8220; btn_add_icon=&#8220;true&#8220; btn_link=&#8220;url:https%3A%2F%2Fdonate.plant-for-the-planet.org%2F%3Fto%3Dyucatan%26step%3Ddonate|title:Spenden%20Sie%20jetzt!|target:%20_blank|&#8220; css=&#8220;.vc_custom_1718472639222{padding-bottom: 20px !important;background-image: url(\/wp-content\/uploads\/2014\/12\/paper.png?id=2841) !important;background-position: 0 0 !important;background-repeat: repeat !important;}&#8220;]<\/p>\n<p style=\"text-align: center;\">Der Einzahlungsbeleg einer Spende gilt bis zu einem Betrag von 50 Euro als steuerlich absetzbare Spenden-Quittung, sofern Ihre Spende als solche gekennzeichnet ist.<\/p>\n<p>[\/vc_cta][\/vc_column][vc_column width=&#8220;1\/3&#8243; css=&#8220;.vc_custom_1450700246045{background-position: 0 0 !important;background-repeat: repeat !important;}&#8220;][vc_cta h2=&#8220;Helfen sie mit&#8220; txt_align=&#8220;center&#8220; shape=&#8220;square&#8220; style=&#8220;outline&#8220; add_button=&#8220;bottom&#8220; btn_title=&#8220;HELFEN DEAKTIVIERT!&#8220; btn_style=&#8220;outline-custom&#8220; btn_outline_custom_color=&#8220;#2e7d2c&#8220; btn_outline_custom_hover_background=&#8220;rgba(213,203,159,0.5)&#8220; btn_outline_custom_hover_text=&#8220;#2e7d2c&#8220; btn_shape=&#8220;square&#8220; btn_size=&#8220;lg&#8220; btn_align=&#8220;center&#8220; btn_i_align=&#8220;right&#8220; btn_i_icon_fontawesome=&#8220;fa fa-chevron-right&#8220; btn_css_animation=&#8220;appear&#8220; btn_add_icon=&#8220;true&#8220; btn_link=&#8220;url:https%3A%2F%2Fdonate.plant-for-the-planet.org%2F%3Fto%3Dyucatan%26step%3Ddonate|title:Jetzt%20mitwirken!|target:%20_blank|&#8220; css=&#8220;.vc_custom_1718472652259{padding-bottom: 15px !important;background-image: url(\/wp-content\/uploads\/2014\/12\/paper.png?id=2841) !important;background-position: 0 0 !important;background-repeat: repeat !important;}&#8220;]<\/p>\n<p style=\"text-align: center;\">Sie k\u00f6nnen bei unseren Projekten als Mitarbeiter\/in mitwirken und uns helfen, die Lebensgrundlage vieler Menschen nachhaltig zu verbessern und die Natur zu bewahren.<\/p>\n<p>[\/vc_cta][\/vc_column][\/vc_row][vc_row][vc_column][vc_separator style=&#8220;double&#8220;][\/vc_column][\/vc_row][vc_row full_width=&#8220;stretch_row&#8220; content_placement=&#8220;middle&#8220; css=&#8220;.vc_custom_1464185529460{margin-top: 0px !important;margin-bottom: 0px !important;padding-top: 0px !important;padding-bottom: 0px !important;background-image: url(\/wp-content\/uploads\/2014\/12\/paper.png?id=2841) !important;background-position: 0 0 !important;background-repeat: repeat !important;}&#8220;][vc_column width=&#8220;1\/2&#8243;][vc_column_text css_animation=&#8220;fadeIn&#8220;]<iframe loading=\"lazy\" src=\"https:\/\/www.youtube-nocookie.com\/embed\/RplP2SGJcho\" width=\"560\" height=\"315\" frameborder=\"0\" allowfullscreen=\"allowfullscreen\"><\/iframe>[\/vc_column_text][\/vc_column][vc_column width=&#8220;1\/2&#8243;][vc_cta h2=&#8220;Song &#8222;B\u00e4ume f\u00fcr Menschen &#8211; Trees for the World&#8222; von Michael Holm als MP3 herunterladen&#8220; shape=&#8220;square&#8220; add_button=&#8220;bottom&#8220; btn_title=&#8220;Herunterladen&#8220; btn_style=&#8220;outline-custom&#8220; btn_outline_custom_color=&#8220;#2e7d2c&#8220; btn_outline_custom_hover_background=&#8220;rgba(213,203,159,0.5)&#8220; btn_outline_custom_hover_text=&#8220;#2e7d2c&#8220; btn_shape=&#8220;square&#8220; btn_size=&#8220;lg&#8220; btn_align=&#8220;center&#8220; btn_i_icon_fontawesome=&#8220;fa fa-download&#8220; btn_css_animation=&#8220;appear&#8220; add_icon=&#8220;left&#8220; i_icon_fontawesome=&#8220;fa fa-music&#8220; i_color=&#8220;custom&#8220; i_size=&#8220;lg&#8220; css_animation=&#8220;appear&#8220; btn_add_icon=&#8220;true&#8220; i_on_border=&#8220;true&#8220; btn_link=&#8220;url:http%3A%2F%2Fbaeume.de%2Fwp-content%2Fuploads%2F2016%2F05%2FBaeume_fuer_Menschen-Trees_for_the_World-Song-Holm-Brenner.zip||target:%20_blank&#8220; css=&#8220;.vc_custom_1464185592250{margin-top: 0px !important;margin-bottom: 0px !important;padding-top: 0px !important;padding-bottom: 0px !important;background-color: rgba(255,255,255,0.01) !important;background-position: 0 0 !important;background-repeat: repeat !important;*background-color: rgb(255,255,255) !important;}&#8220; i_custom_color=&#8220;#2e7d2c&#8220; i_link=&#8220;url:http%3A%2F%2Fbaeume.de%2Fwp-content%2Fuploads%2F2016%2F05%2FBaeume_fuer_Menschen-Trees_for_the_World-Song-Holm-Brenner.zip||target:%20_blank&#8220;][\/vc_cta][\/vc_column][\/vc_row][vc_row][vc_column][vc_cta h2=&#8220;&#8220; shape=&#8220;square&#8220; style=&#8220;outline&#8220; add_button=&#8220;right&#8220; btn_title=&#8220;KONTAKTIEREN SIE UNS!&#8220; btn_style=&#8220;outline-custom&#8220; btn_outline_custom_color=&#8220;#2e7d2c&#8220; btn_outline_custom_hover_background=&#8220;rgba(213,203,159,0.5)&#8220; btn_outline_custom_hover_text=&#8220;#2e7d2c&#8220; btn_shape=&#8220;square&#8220; btn_size=&#8220;lg&#8220; btn_align=&#8220;center&#8220; btn_i_align=&#8220;right&#8220; btn_i_icon_fontawesome=&#8220;fa fa-chevron-right&#8220; btn_css_animation=&#8220;appear&#8220; btn_add_icon=&#8220;true&#8220; btn_link=&#8220;url:https%3A%2F%2Fbaeume.de%2Fde%2Fkontakt|title:Kontaktieren%20Sie%20uns!|target:%20_blank|&#8220; css=&#8220;.vc_custom_1718473219112{background-image: url(\/wp-content\/uploads\/2014\/12\/paper.png?id=2841) !important;background-position: 0 0 !important;background-repeat: repeat !important;}&#8220;]<\/p>\n<h1>\u00a0Was k\u00f6nnen wir noch tun um Sie zu \u00fcberzeugen?<\/h1>\n<p>[\/vc_cta][\/vc_column][\/vc_row]<\/p>\n","protected":false},"excerpt":{"rendered":"<p>[vc_row][vc_column][vc_column_text] B\u00e4ume f\u00fcr Menschen \u2013 Trees for the World\u00ae hat bereits mehr als 630.000 B\u00e4ume gepflanzt Die erste deutsche Umweltorganisation der eine eigene Baumschule und einen Kindergarten in Namibia betrieben hat. [\/vc_column_text][\/vc_column][\/vc_row][vc_row][vc_column width=&#8220;1\/2&#8243;][vc_column_text css_animation=&#8220;fadeIn&#8220;][\/vc_column_text][\/vc_column][vc_column width=&#8220;1\/2&#8243;][vc_column_text][\/vc_column_text][\/vc_column][\/vc_row][vc_row][vc_column][vc_cta h2=&#8220;&#8222;B\u00e4ume f\u00fcr Menschen &#8211; Trees for the World&#8222; bei ARTE TV&#8220; h4=&#8220;15.10.2018&#8243; shape=&#8220;square&#8220; add_button=&#8220;right&#8220; btn_title=&#8220;Zur ARTE-Mediathek&#8220; btn_style=&#8220;outline-custom&#8220; btn_outline_custom_color=&#8220;#2e7d2c&#8220; btn_outline_custom_hover_background=&#8220;rgba(213,203,159,0.5)&#8220; btn_outline_custom_hover_text=&#8220;#2e7d2c&#8220; [&hellip;]<\/p>\n","protected":false},"author":2,"featured_media":0,"parent":0,"menu_order":0,"comment_status":"closed","ping_status":"closed","template":"","meta":{"footnotes":""},"class_list":["post-42","page","type-page","status-publish","hentry"],"_links":{"self":[{"href":"https:\/\/baeume.de\/de\/wp-json\/wp\/v2\/pages\/42","targetHints":{"allow":["GET"]}}],"collection":[{"href":"https:\/\/baeume.de\/de\/wp-json\/wp\/v2\/pages"}],"about":[{"href":"https:\/\/baeume.de\/de\/wp-json\/wp\/v2\/types\/page"}],"author":[{"embeddable":true,"href":"https:\/\/baeume.de\/de\/wp-json\/wp\/v2\/users\/2"}],"replies":[{"embeddable":true,"href":"https:\/\/baeume.de\/de\/wp-json\/wp\/v2\/comments?post=42"}],"version-history":[{"count":48,"href":"https:\/\/baeume.de\/de\/wp-json\/wp\/v2\/pages\/42\/revisions"}],"predecessor-version":[{"id":5369,"href":"https:\/\/baeume.de\/de\/wp-json\/wp\/v2\/pages\/42\/revisions\/5369"}],"wp:attachment":[{"href":"https:\/\/baeume.de\/de\/wp-json\/wp\/v2\/media?parent=42"}],"curies":[{"name":"wp","href":"https:\/\/api.w.org\/{rel}","templated":true}]}}